{"id":13349,"date":"2026-04-29T09:45:47","date_gmt":"2026-04-29T09:45:47","guid":{"rendered":"https:\/\/amantesdeteruel.es\/?page_id=13349"},"modified":"2026-04-29T12:30:34","modified_gmt":"2026-04-29T12:30:34","slug":"taller-los-amantes-en-la-pintura","status":"publish","type":"page","link":"https:\/\/amantesdeteruel.es\/fr\/taller-los-amantes-en-la-pintura\/","title":{"rendered":"Taller: Los amantes en la pintura"},"content":{"rendered":"<p>[et_pb_section fb_built=\u00a0\u00bb1&Prime; _builder_version=\u00a0\u00bb4.17.4&Prime; _module_preset=\u00a0\u00bbdefault\u00a0\u00bb locked=\u00a0\u00bboff\u00a0\u00bb global_colors_info=\u00a0\u00bb{}\u00a0\u00bb][et_pb_row column_structure=\u00a0\u00bb3_5,2_5&Prime; use_custom_gutter=\u00a0\u00bbon\u00a0\u00bb gutter_width=\u00a0\u00bb4&Prime; _builder_version=\u00a0\u00bb4.24.3&Prime; _module_preset=\u00a0\u00bbdefault\u00a0\u00bb max_width=\u00a0\u00bb2560px\u00a0\u00bb global_colors_info=\u00a0\u00bb{}\u00a0\u00bb][et_pb_column type=\u00a0\u00bb3_5&Prime; _builder_version=\u00a0\u00bb4.17.4&Prime; _module_preset=\u00a0\u00bbdefault\u00a0\u00bb global_colors_info=\u00a0\u00bb{}\u00a0\u00bb][et_pb_button button_url=\u00a0\u00bb@ET-DC@eyJkeW5hbWljIjp0cnVlLCJjb250ZW50IjoicG9zdF9saW5rX3VybF9wYWdlIiwic2V0dGluZ3MiOnsicG9zdF9pZCI6IjEzMzA1In19@\u00a0\u00bb button_text=\u00a0\u00bbVer todos los talleres\u00a0\u00bb _builder_version=\u00a0\u00bb4.24.3&Prime; _dynamic_attributes=\u00a0\u00bbbutton_url\u00a0\u00bb _module_preset=\u00a0\u00bbdefault\u00a0\u00bb custom_button=\u00a0\u00bbon\u00a0\u00bb button_text_size=\u00a0\u00bb15px\u00a0\u00bb button_text_color=\u00a0\u00bb#adadad\u00a0\u00bb button_bg_color=\u00a0\u00bbRGBA(255,255,255,0)\u00a0\u00bb button_border_width=\u00a0\u00bb0px\u00a0\u00bb button_border_color=\u00a0\u00bbRGBA(255,255,255,0)\u00a0\u00bb button_border_radius=\u00a0\u00bb0px\u00a0\u00bb button_font=\u00a0\u00bbNunito||||||||\u00a0\u00bb button_icon=\u00a0\u00bb&#x34;||divi||400&Prime; button_icon_placement=\u00a0\u00bbleft\u00a0\u00bb custom_margin=\u00a0\u00bb||30px||false|false\u00a0\u00bb hover_enabled=\u00a0\u00bb0&Prime; locked=\u00a0\u00bboff\u00a0\u00bb global_colors_info=\u00a0\u00bb{}\u00a0\u00bb sticky_enabled=\u00a0\u00bb0&Prime;][\/et_pb_button][et_pb_text _builder_version=\u00a0\u00bb4.17.4&Prime; _module_preset=\u00a0\u00bbdefault\u00a0\u00bb text_font=\u00a0\u00bbMontserrat|700|||||||\u00a0\u00bb text_text_color=\u00a0\u00bb#333333&Prime; text_font_size=\u00a0\u00bb48px\u00a0\u00bb text_line_height=\u00a0\u00bb1em\u00a0\u00bb custom_margin=\u00a0\u00bb||27px|||\u00a0\u00bb global_colors_info=\u00a0\u00bb{}\u00a0\u00bb]<\/p>\n<p>Los Amantes en la Pintura<\/p>\n<p>[\/et_pb_text][et_pb_text _builder_version=\u00a0\u00bb4.24.3&Prime; _module_preset=\u00a0\u00bbdefault\u00a0\u00bb text_font=\u00a0\u00bbNunito||||||||\u00a0\u00bb global_colors_info=\u00a0\u00bb{}\u00a0\u00bb]<\/p>\n<p>&nbsp;<\/p>\n<p class=\"western\">La historia de los <b>Amantes de Teruel<\/b> ha trascendido los siglos, sirviendo de inspiraci\u00f3n para el arte y la cultura. La Fundaci\u00f3n Amantes exhibe tres lienzos realizados en \u00e9pocas distintas que comparten esta tem\u00e1tica.<\/p>\n<p class=\"western\">Este taller te invita a adentrarte en la pintura del Siglo XIX a trav\u00e9s de la obra m\u00e1s antigua realizada sobre el tema: <b>\u00ab\u00a0Los Amantes de Teruel\u00a0\u00bb de Juan Garc\u00eda Mart\u00ednez<\/b>, un dep\u00f3sito del Museo del Prado. Usaremos el cuadro para <b>conectar el arte, la historia y la sensibilidad<\/b>, ayudando a los alumnos a descubrir la importancia de nuestro patrimonio de una forma l\u00fadica y participativa.<\/p>\n<table width=\"567\" cellpadding=\"1\" cellspacing=\"0\">\n<tbody>\n<tr>\n<td width=\"110\">\n<p class=\"western\"><i>Dirigido a: <\/i><\/p>\n<\/td>\n<td width=\"453\">\n<p class=\"western\">Escolares de <b>6 a 12 a\u00f1os<\/b> (Primaria).<\/p>\n<\/td>\n<\/tr>\n<tr>\n<td width=\"110\">\n<p class=\"western\"><i>Contenidos adaptados<\/i><\/p>\n<\/td>\n<td width=\"453\">\n<p class=\"western\">Contenidos totalmente adaptados al <b>curr\u00edculo escolar<\/b> de cada etapa. Un complemento pr\u00e1ctico a la actividad en el centro educativo.<\/p>\n<\/td>\n<\/tr>\n<\/tbody>\n<\/table>\n<p class=\"western\">\n<p class=\"western\"><b>Nivel Primaria (1\u00ba, 2\u00ba y 3\u00ba ciclo): <\/b><\/p>\n<ul>\n<li>\n<p><b>Enfoque:<\/b> An\u00e1lisis de la obra, acercamiento l\u00fadico al patrimonio y fomento de la creatividad.<\/p>\n<\/li>\n<li>\n<p><b>Actividad Principal: <\/b>Introducci\u00f3n a la repercusi\u00f3n de la historia de los Amantes en el mundo del arte. An\u00e1lisis de la obra de <b>Juan Garc\u00eda Mart\u00ednez<\/b> para llegar, a trav\u00e9s de sus detalles a su significado.<\/p>\n<\/li>\n<li>\n<p><b>Resultado: <\/b>Cada escolar realizar\u00e1<b> <\/b>la <b>reinterpretaci\u00f3n<\/b> personal de la obra analizada, plasmando lo aprendido e inspir\u00e1ndose en la historia de los Amantes.<\/p>\n<\/li>\n<\/ul>\n<p class=\"western\"><b>Informaci\u00f3n y Reservas:<\/b><\/p>\n<ul>\n<li>\n<p class=\"western\"><b>Grupos Destinatarios:<\/b> Centros Educativos: Colegios, Institutos, y Asociaciones de Madres y Padres de Alumnos (<b>AMPAS<\/b>).<\/p>\n<\/li>\n<li>\n<p class=\"western\"><b>Disponibilidad:<\/b> Visitas disponibles <b>durante todo el a\u00f1o<\/b> (previa reserva obligatoria)<\/p>\n<\/li>\n<li>\n<p class=\"western\"><b>Tama\u00f1o del Grupo:<\/b> Recomendamos un m\u00e1ximo de unos <b>25 alumnos por sesi\u00f3n<\/b> para garantizar la calidad y la interacci\u00f3n con el gu\u00eda.<\/p>\n<\/li>\n<li>\n<p class=\"western\"><b>Reservas:<\/b> Previa reserva por tel\u00e9fono (978 61 83 98), o correo electr\u00f3nico (aulamantes@amantesdeteruel.es).<\/p>\n<\/li>\n<li>\n<p class=\"western\"><b>Horario:<\/b> A convenir y se fijar\u00e1 en el momento de la reserva.<\/p>\n<\/li>\n<li>\n<p class=\"western\"><b>Coste:<\/b> El precio se indica por persona participante.<\/p>\n<\/li>\n<li>\n<p class=\"western\"><b>Transporte:<\/b> El coste de transporte no est\u00e1 incluido en el precio de la visita.<\/p>\n<\/li>\n<\/ul>\n<ul><\/ul>\n<p>&nbsp;<\/p>\n<p>[\/et_pb_text][\/et_pb_column][et_pb_column type=\u00a0\u00bb2_5&Prime; _builder_version=\u00a0\u00bb4.17.4&Prime; _module_preset=\u00a0\u00bbdefault\u00a0\u00bb global_colors_info=\u00a0\u00bb{}\u00a0\u00bb][et_pb_image src=\u00a0\u00bbhttps:\/\/amantesdeteruel.es\/wp-content\/uploads\/2026\/04\/image00065_net.jpg\u00a0\u00bb title_text=\u00a0\u00bbimage00065_net\u00a0\u00bb force_fullwidth=\u00a0\u00bbon\u00a0\u00bb _builder_version=\u00a0\u00bb4.24.3&Prime; _module_preset=\u00a0\u00bbdefault\u00a0\u00bb height=\u00a0\u00bb800px\u00a0\u00bb global_colors_info=\u00a0\u00bb{}\u00a0\u00bb][\/et_pb_image][\/et_pb_column][\/et_pb_row][\/et_pb_section]<\/p>\n","protected":false},"excerpt":{"rendered":"<p>Los Amantes en la Pintura&nbsp; La historia de los Amantes de Teruel ha trascendido los siglos, sirviendo de inspiraci\u00f3n para el arte y la cultura. La Fundaci\u00f3n Amantes exhibe tres lienzos realizados en \u00e9pocas distintas que comparten esta tem\u00e1tica. Este taller te invita a adentrarte en la pintura del Siglo XIX a trav\u00e9s de la [&hellip;]<\/p>\n","protected":false},"author":2,"featured_media":0,"parent":0,"menu_order":0,"comment_status":"closed","ping_status":"closed","template":"","meta":{"_acf_changed":false,"_et_pb_use_builder":"on","_et_pb_old_content":"","_et_gb_content_width":"","footnotes":""},"class_list":["post-13349","page","type-page","status-publish","hentry"],"acf":[],"_links":{"self":[{"href":"https:\/\/amantesdeteruel.es\/fr\/wp-json\/wp\/v2\/pages\/13349","targetHints":{"allow":["GET"]}}],"collection":[{"href":"https:\/\/amantesdeteruel.es\/fr\/wp-json\/wp\/v2\/pages"}],"about":[{"href":"https:\/\/amantesdeteruel.es\/fr\/wp-json\/wp\/v2\/types\/page"}],"author":[{"embeddable":true,"href":"https:\/\/amantesdeteruel.es\/fr\/wp-json\/wp\/v2\/users\/2"}],"replies":[{"embeddable":true,"href":"https:\/\/amantesdeteruel.es\/fr\/wp-json\/wp\/v2\/comments?post=13349"}],"version-history":[{"count":4,"href":"https:\/\/amantesdeteruel.es\/fr\/wp-json\/wp\/v2\/pages\/13349\/revisions"}],"predecessor-version":[{"id":13456,"href":"https:\/\/amantesdeteruel.es\/fr\/wp-json\/wp\/v2\/pages\/13349\/revisions\/13456"}],"wp:attachment":[{"href":"https:\/\/amantesdeteruel.es\/fr\/wp-json\/wp\/v2\/media?parent=13349"}],"curies":[{"name":"wp","href":"https:\/\/api.w.org\/{rel}","templated":true}]}}